{"version":"1.0","provider_name":"RM Norte","provider_url":"https:\/\/explora.cl\/rmnorte","title":"D\u00eda del T\u00e9cnico Profesional - RM Norte","type":"rich","width":600,"height":338,"html":"<blockquote class=\"wp-embedded-content\" data-secret=\"AO66s7x1pj\"><a href=\"https:\/\/explora.cl\/rmnorte\/dia-del-tecnico-profesional\/\">D\u00eda del T\u00e9cnico Profesional<\/a><\/blockquote><iframe sandbox=\"allow-scripts\" security=\"restricted\" src=\"https:\/\/explora.cl\/rmnorte\/dia-del-tecnico-profesional\/embed\/#?secret=AO66s7x1pj\" width=\"600\" height=\"338\" title=\"&#8220;D\u00eda del T\u00e9cnico Profesional&#8221; &#8212; RM Norte\" data-secret=\"AO66s7x1pj\" frameborder=\"0\" marginwidth=\"0\" marginheight=\"0\" scrolling=\"no\" class=\"wp-embedded-content\"><\/iframe><script>\n\/*! This file is auto-generated *\/\n!function(d,l){\"use strict\";l.querySelector&&d.addEventListener&&\"undefined\"!=typeof URL&&(d.wp=d.wp||{},d.wp.receiveEmbedMessage||(d.wp.receiveEmbedMessage=function(e){var t=e.data;if((t||t.secret||t.message||t.value)&&!\/[^a-zA-Z0-9]\/.test(t.secret)){for(var s,r,n,a=l.querySelectorAll('iframe[data-secret=\"'+t.secret+'\"]'),o=l.querySelectorAll('blockquote[data-secret=\"'+t.secret+'\"]'),c=new RegExp(\"^https?:$\",\"i\"),i=0;i<o.length;i++)o[i].style.display=\"none\";for(i=0;i<a.length;i++)s=a[i],e.source===s.contentWindow&&(s.removeAttribute(\"style\"),\"height\"===t.message?(1e3<(r=parseInt(t.value,10))?r=1e3:~~r<200&&(r=200),s.height=r):\"link\"===t.message&&(r=new URL(s.getAttribute(\"src\")),n=new URL(t.value),c.test(n.protocol))&&n.host===r.host&&l.activeElement===s&&(d.top.location.href=t.value))}},d.addEventListener(\"message\",d.wp.receiveEmbedMessage,!1),l.addEventListener(\"DOMContentLoaded\",function(){for(var e,t,s=l.querySelectorAll(\"iframe.wp-embedded-content\"),r=0;r<s.length;r++)(t=(e=s[r]).getAttribute(\"data-secret\"))||(t=Math.random().toString(36).substring(2,12),e.src+=\"#?secret=\"+t,e.setAttribute(\"data-secret\",t)),e.contentWindow.postMessage({message:\"ready\",secret:t},\"*\")},!1)))}(window,document);\n\/\/# sourceURL=https:\/\/explora.cl\/rmnorte\/wp-includes\/js\/wp-embed.min.js\n<\/script>\n","thumbnail_url":"https:\/\/explora.cl\/rmnorte\/wp-content\/uploads\/sites\/11\/2018\/06\/f2a8e1db340eafc0bf214d9e4fb3c763.jpg","thumbnail_width":1600,"thumbnail_height":1067,"description":"El 26 de agosto en el colegio T\u00e9cnico Profesional y Bicentenario Complejo Educacional Eduardo Cuevas Vald\u00e9s, comuna de Lo Barnechea, se\u00a0 celebrar\u00e1 el D\u00eda del T\u00e9cnico Profesional, actividad en la que participar\u00e1 el Proyecto Explora RM Norte. En la muestra, que se realizar\u00e1 entre las 09:30 y las 15:30 horas, se presentar\u00e1n exposiciones preparadas por [&hellip;]"}