{"version":"1.0","provider_name":"\u00d1uble","provider_url":"https:\/\/explora.cl\/nuble","title":"Columna de Opini\u00f3n: \"La ciencia de las redes\" - \u00d1uble","type":"rich","width":600,"height":338,"html":"<blockquote class=\"wp-embedded-content\" data-secret=\"jjt3NapC3Z\"><a href=\"https:\/\/explora.cl\/nuble\/columna-de-opinion-la-ciencia-de-las-redes\/\">Columna de Opini\u00f3n: &#8220;La ciencia de las redes&#8221;<\/a><\/blockquote><iframe sandbox=\"allow-scripts\" security=\"restricted\" src=\"https:\/\/explora.cl\/nuble\/columna-de-opinion-la-ciencia-de-las-redes\/embed\/#?secret=jjt3NapC3Z\" width=\"600\" height=\"338\" title=\"&#8220;Columna de Opini\u00f3n: &#8220;La ciencia de las redes&#8221;&#8221; &#8212; \u00d1uble\" data-secret=\"jjt3NapC3Z\" frameborder=\"0\" marginwidth=\"0\" marginheight=\"0\" scrolling=\"no\" class=\"wp-embedded-content\"><\/iframe><script>\n\/*! This file is auto-generated *\/\n!function(d,l){\"use strict\";l.querySelector&&d.addEventListener&&\"undefined\"!=typeof URL&&(d.wp=d.wp||{},d.wp.receiveEmbedMessage||(d.wp.receiveEmbedMessage=function(e){var t=e.data;if((t||t.secret||t.message||t.value)&&!\/[^a-zA-Z0-9]\/.test(t.secret)){for(var s,r,n,a=l.querySelectorAll('iframe[data-secret=\"'+t.secret+'\"]'),o=l.querySelectorAll('blockquote[data-secret=\"'+t.secret+'\"]'),c=new RegExp(\"^https?:$\",\"i\"),i=0;i<o.length;i++)o[i].style.display=\"none\";for(i=0;i<a.length;i++)s=a[i],e.source===s.contentWindow&&(s.removeAttribute(\"style\"),\"height\"===t.message?(1e3<(r=parseInt(t.value,10))?r=1e3:~~r<200&&(r=200),s.height=r):\"link\"===t.message&&(r=new URL(s.getAttribute(\"src\")),n=new URL(t.value),c.test(n.protocol))&&n.host===r.host&&l.activeElement===s&&(d.top.location.href=t.value))}},d.addEventListener(\"message\",d.wp.receiveEmbedMessage,!1),l.addEventListener(\"DOMContentLoaded\",function(){for(var e,t,s=l.querySelectorAll(\"iframe.wp-embedded-content\"),r=0;r<s.length;r++)(t=(e=s[r]).getAttribute(\"data-secret\"))||(t=Math.random().toString(36).substring(2,12),e.src+=\"#?secret=\"+t,e.setAttribute(\"data-secret\",t)),e.contentWindow.postMessage({message:\"ready\",secret:t},\"*\")},!1)))}(window,document);\n\/\/# sourceURL=https:\/\/explora.cl\/nuble\/wp-includes\/js\/wp-embed.min.js\n<\/script>\n","thumbnail_url":"https:\/\/explora.cl\/nuble\/wp-content\/uploads\/sites\/10\/2020\/11\/Dra.-In\u00e9s-Figueroa-directora-PAR-Explora-\u00d1uble--963x1024.jpg","thumbnail_width":963,"thumbnail_height":1024,"description":"Escrita por la Dra. In\u00e9s Figueroa Cares Directora del PAR Explora \u00d1uble Docente de la Facultad de Agronom\u00eda, UdeC. Siete meses m\u00e1s tarde de la entrada en vigencia de la Regi\u00f3n de \u00d1uble, comenz\u00f3 la ejecuci\u00f3n del Proyecto Asociativo Regional, PAR, Explora \u00d1uble a cargo del Campus Chill\u00e1n de la Universidad de Concepci\u00f3n, financiado por [&hellip;]"}