{"version":"1.0","provider_name":"Maule","provider_url":"https:\/\/explora.cl\/maule","title":"Abiertas postulaciones para Feria Ant\u00e1rtica Escolar 2015 - Maule","type":"rich","width":600,"height":338,"html":"<blockquote class=\"wp-embedded-content\" data-secret=\"KCpkujfq5a\"><a href=\"https:\/\/explora.cl\/maule\/abiertas-postulaciones-para-ferias-antartica-escolar-2015\/\">Abiertas postulaciones para Feria Ant\u00e1rtica Escolar 2015<\/a><\/blockquote><iframe sandbox=\"allow-scripts\" security=\"restricted\" src=\"https:\/\/explora.cl\/maule\/abiertas-postulaciones-para-ferias-antartica-escolar-2015\/embed\/#?secret=KCpkujfq5a\" width=\"600\" height=\"338\" title=\"&#8220;Abiertas postulaciones para Feria Ant\u00e1rtica Escolar 2015&#8221; &#8212; Maule\" data-secret=\"KCpkujfq5a\" frameborder=\"0\" marginwidth=\"0\" marginheight=\"0\" scrolling=\"no\" class=\"wp-embedded-content\"><\/iframe><script>\n\/*! This file is auto-generated *\/\n!function(d,l){\"use strict\";l.querySelector&&d.addEventListener&&\"undefined\"!=typeof URL&&(d.wp=d.wp||{},d.wp.receiveEmbedMessage||(d.wp.receiveEmbedMessage=function(e){var t=e.data;if((t||t.secret||t.message||t.value)&&!\/[^a-zA-Z0-9]\/.test(t.secret)){for(var s,r,n,a=l.querySelectorAll('iframe[data-secret=\"'+t.secret+'\"]'),o=l.querySelectorAll('blockquote[data-secret=\"'+t.secret+'\"]'),c=new RegExp(\"^https?:$\",\"i\"),i=0;i<o.length;i++)o[i].style.display=\"none\";for(i=0;i<a.length;i++)s=a[i],e.source===s.contentWindow&&(s.removeAttribute(\"style\"),\"height\"===t.message?(1e3<(r=parseInt(t.value,10))?r=1e3:~~r<200&&(r=200),s.height=r):\"link\"===t.message&&(r=new URL(s.getAttribute(\"src\")),n=new URL(t.value),c.test(n.protocol))&&n.host===r.host&&l.activeElement===s&&(d.top.location.href=t.value))}},d.addEventListener(\"message\",d.wp.receiveEmbedMessage,!1),l.addEventListener(\"DOMContentLoaded\",function(){for(var e,t,s=l.querySelectorAll(\"iframe.wp-embedded-content\"),r=0;r<s.length;r++)(t=(e=s[r]).getAttribute(\"data-secret\"))||(t=Math.random().toString(36).substring(2,12),e.src+=\"#?secret=\"+t,e.setAttribute(\"data-secret\",t)),e.contentWindow.postMessage({message:\"ready\",secret:t},\"*\")},!1)))}(window,document);\n\/\/# sourceURL=https:\/\/explora.cl\/maule\/wp-includes\/js\/wp-embed.min.js\n<\/script>\n","thumbnail_url":null,"thumbnail_width":null,"thumbnail_height":null,"description":"Como una forma de estimular la participaci\u00f3n de nuevos grupos de estudiantes, la Feria Ant\u00e1rtica Escolar (FAE) de este a\u00f1o considera una categor\u00eda \u201cinicial\u201d, evaluada separadamente de la categor\u00eda \u201cavanzada\u201d, que incluye a quienes han participado en alguna versi\u00f3n anterior o que cuentan con asesor\u00eda cient\u00edfica. Ya est\u00e1n disponibles las bases para que estudiantes de [&hellip;]"}