{"version":"1.0","provider_name":"Biob\u00edo","provider_url":"https:\/\/explora.cl\/biobio","title":"Geof\u00edsica UdeC conmemor\u00f3 el D\u00eda Mundial del Medioambiente - Biob\u00edo","type":"rich","width":600,"height":338,"html":"<blockquote class=\"wp-embedded-content\" data-secret=\"MXYadvdlRz\"><a href=\"https:\/\/explora.cl\/biobio\/geofisica-udec-conmemoro-el-dia-mundial-del-medioambiente\/\">Geof\u00edsica UdeC conmemor\u00f3 el D\u00eda Mundial del Medioambiente<\/a><\/blockquote><iframe sandbox=\"allow-scripts\" security=\"restricted\" src=\"https:\/\/explora.cl\/biobio\/geofisica-udec-conmemoro-el-dia-mundial-del-medioambiente\/embed\/#?secret=MXYadvdlRz\" width=\"600\" height=\"338\" title=\"&#8220;Geof\u00edsica UdeC conmemor\u00f3 el D\u00eda Mundial del Medioambiente&#8221; &#8212; Biob\u00edo\" data-secret=\"MXYadvdlRz\" frameborder=\"0\" marginwidth=\"0\" marginheight=\"0\" scrolling=\"no\" class=\"wp-embedded-content\"><\/iframe><script>\n\/*! This file is auto-generated *\/\n!function(d,l){\"use strict\";l.querySelector&&d.addEventListener&&\"undefined\"!=typeof URL&&(d.wp=d.wp||{},d.wp.receiveEmbedMessage||(d.wp.receiveEmbedMessage=function(e){var t=e.data;if((t||t.secret||t.message||t.value)&&!\/[^a-zA-Z0-9]\/.test(t.secret)){for(var s,r,n,a=l.querySelectorAll('iframe[data-secret=\"'+t.secret+'\"]'),o=l.querySelectorAll('blockquote[data-secret=\"'+t.secret+'\"]'),c=new RegExp(\"^https?:$\",\"i\"),i=0;i<o.length;i++)o[i].style.display=\"none\";for(i=0;i<a.length;i++)s=a[i],e.source===s.contentWindow&&(s.removeAttribute(\"style\"),\"height\"===t.message?(1e3<(r=parseInt(t.value,10))?r=1e3:~~r<200&&(r=200),s.height=r):\"link\"===t.message&&(r=new URL(s.getAttribute(\"src\")),n=new URL(t.value),c.test(n.protocol))&&n.host===r.host&&l.activeElement===s&&(d.top.location.href=t.value))}},d.addEventListener(\"message\",d.wp.receiveEmbedMessage,!1),l.addEventListener(\"DOMContentLoaded\",function(){for(var e,t,s=l.querySelectorAll(\"iframe.wp-embedded-content\"),r=0;r<s.length;r++)(t=(e=s[r]).getAttribute(\"data-secret\"))||(t=Math.random().toString(36).substring(2,12),e.src+=\"#?secret=\"+t,e.setAttribute(\"data-secret\",t)),e.contentWindow.postMessage({message:\"ready\",secret:t},\"*\")},!1)))}(window,document);\n\/\/# sourceURL=https:\/\/explora.cl\/biobio\/wp-includes\/js\/wp-embed.min.js\n<\/script>\n","thumbnail_url":"https:\/\/explora.cl\/biobio\/wp-content\/uploads\/sites\/14\/2018\/06\/a171bf6d108ab3429593ad59874db3c5.jpg","thumbnail_width":2304,"thumbnail_height":1728,"description":"Desde el a\u00f1o 1973 que se celebra el \u201cD\u00eda mundial del Medio ambiente\u201d el 5 de junio de cada a\u00f1o, establecido as\u00ed por la Asamblea General de Naciones Unidas, en su resoluci\u00f3n del 15 de diciembre de 1972. Desde ese entonces, durante esta jornada, se busca sensibilizar a la poblaci\u00f3n mundial en relaci\u00f3n a temas [&hellip;]"}